{"id":4354,"date":"2024-04-08T14:11:48","date_gmt":"2024-04-08T14:11:48","guid":{"rendered":"https:\/\/flexsuisse.com\/privacy\/"},"modified":"2025-01-28T09:48:32","modified_gmt":"2025-01-28T09:48:32","slug":"datenschutz","status":"publish","type":"page","link":"https:\/\/flexsuisse.com\/de\/datenschutz\/","title":{"rendered":"Datenschutz"},"content":{"rendered":"<div class=\"fusion-fullwidth fullwidth-box fusion-builder-row-1 fusion-flex-container has-pattern-background has-mask-background nonhundred-percent-fullwidth non-hundred-percent-height-scrolling\" style=\"--awb-border-radius-top-left:0px;--awb-border-radius-top-right:0px;--awb-border-radius-bottom-right:0px;--awb-border-radius-bottom-left:0px;--awb-padding-top:50px;--awb-flex-wrap:wrap;\" ><div class=\"fusion-builder-row fusion-row fusion-flex-align-items-flex-start fusion-flex-justify-content-center fusion-flex-content-wrap\" style=\"max-width:1248px;margin-left: calc(-4% \/ 2 );margin-right: calc(-4% \/ 2 );\"><div class=\"fusion-layout-column fusion_builder_column fusion-builder-column-0 fusion_builder_column_1_1 1_1 fusion-flex-column\" style=\"--awb-bg-size:cover;--awb-width-large:100%;--awb-margin-top-large:0px;--awb-spacing-right-large:1.92%;--awb-margin-bottom-large:20px;--awb-spacing-left-large:1.92%;--awb-width-medium:100%;--awb-order-medium:0;--awb-spacing-right-medium:1.92%;--awb-spacing-left-medium:1.92%;--awb-width-small:100%;--awb-order-small:0;--awb-spacing-right-small:1.92%;--awb-spacing-left-small:1.92%;\"><div class=\"fusion-column-wrapper fusion-column-has-shadow fusion-flex-justify-content-flex-start fusion-content-layout-column\"><div class=\"fusion-title title fusion-title-1 fusion-sep-none fusion-title-text fusion-title-size-one\" style=\"--awb-font-size:40px;\"><h1 class=\"fusion-title-heading title-heading-left\" style=\"font-family:&quot;Lexend Exa&quot;;font-style:normal;font-weight:700;margin:0;font-size:1em;text-transform:uppercase;\">Datenschutz<\/h1><\/div><\/div><\/div><div class=\"fusion-layout-column fusion_builder_column fusion-builder-column-1 fusion_builder_column_1_1 1_1 fusion-flex-column\" style=\"--awb-bg-size:cover;--awb-width-large:100%;--awb-margin-top-large:0px;--awb-spacing-right-large:1.92%;--awb-margin-bottom-large:20px;--awb-spacing-left-large:1.92%;--awb-width-medium:100%;--awb-order-medium:0;--awb-spacing-right-medium:1.92%;--awb-spacing-left-medium:1.92%;--awb-width-small:100%;--awb-order-small:0;--awb-spacing-right-small:1.92%;--awb-spacing-left-small:1.92%;\"><div class=\"fusion-column-wrapper fusion-column-has-shadow fusion-flex-justify-content-flex-start fusion-content-layout-column\"><div class=\"fusion-text fusion-text-1\"><div id=\"maintain-autonomy\" class=\"-container-anchor\">\n<h2><span data-contrast=\"auto\">DATENSCHUTZERKL\u00c4RUNG<\/span><\/h2>\n<p><span data-contrast=\"auto\">Flex Suisse arbeitet auf verschiedene Weise mit Menschen zusammen. Dabei werden zwangsl\u00e4ufig auch Daten verarbeitet. Wir achten dabei auf den Schutz Ihrer pers\u00f6nlichen Rechte und erf\u00fcllen die gesetzlichen Anforderungen zum Datenschutz vollst\u00e4ndig. Auf dieser Seite informieren wir Sie daher detailliert dar\u00fcber, wie Daten in diesem Zusammenhang verarbeitet werden. In \u00dcbereinstimmung mit der Datenschutz-Grundverordnung (im Folgenden \u201eDSGVO\u201c) und, soweit anwendbar, dem Schweizerischen Datenschutzgesetz (DSG) m\u00f6chten wir Sie nachfolgend dar\u00fcber informieren, welche personenbezogenen Daten wir \u00fcber Sie erheben, wie und warum wir diese verarbeiten und welche Rechte Sie gem\u00e4\u00df der DSGVO haben. Die Datenschutzhinweise gelten sowohl f\u00fcr aktuelle und ehemalige Mitarbeiter als auch f\u00fcr Kunden, Kandidaten, Bewerber und Website-Besucher.<\/span><\/p>\n<p><span style=\"color: var(--h2_typography-color); font-family: var(--h2_typography-font-family); font-size: var(--h2_typography-font-size); font-style: var(--h2_typography-font-style,normal); font-weight: var(--h2_typography-font-weight); letter-spacing: var(--h2_typography-letter-spacing); text-transform: var(--h2_typography-text-transform); text-align: var(--awb-content-alignment); background-color: var(--awb-bg-color-hover);\" data-contrast=\"auto\">1. FLEX SUISSE<\/span><\/p>\n<p><span data-contrast=\"auto\">Wir k\u00f6nnen Ihre personenbezogenen Daten an Unternehmen weitergeben, die mit uns verbunden sind, soweit dies im Rahmen der in Abschnitt 2 dieser Datenschutzhinweise genannten Zwecke zul\u00e4ssig ist oder Sie uns Ihre Zustimmung zur \u00dcbermittlung gegeben haben. In diesen F\u00e4llen umfasst die Weitergabe die folgenden Unternehmen der Flex Suisse Gruppe:<\/span><\/p>\n<ul>\n<li data-leveltext=\"\uf0b7\" data-font=\"Symbol\" data-listid=\"19\" data-list-defn-props=\"{'335552541':1,'335559685':720,'335559991':360,'469769226':'Symbol','469769242':&#091;8226&#093;,'469777803':'left','469777804':'\uf0b7','469777815':'hybridMultilevel'}\" aria-setsize=\"-1\" data-aria-posinset=\"1\" data-aria-level=\"1\"><span data-contrast=\"auto\">Flex Suisse Holding GmbH, Eschersheimer Landstrasse 14, 60322 Frankfurt a. M.<\/span><\/li>\n<\/ul>\n<ul>\n<li data-leveltext=\"\uf0b7\" data-font=\"Symbol\" data-listid=\"19\" data-list-defn-props=\"{'335552541':1,'335559685':720,'335559991':360,'469769226':'Symbol','469769242':&#091;8226&#093;,'469777803':'left','469777804':'\uf0b7','469777815':'hybridMultilevel'}\" aria-setsize=\"-1\" data-aria-posinset=\"2\" data-aria-level=\"1\"><span data-contrast=\"auto\">Schweiz B\u00fcro: Flex Suisse AG, Uraniastrasse 28, CH 8001 Z\u00fcrich<\/span><\/li>\n<\/ul>\n<ul>\n<li data-leveltext=\"\uf0b7\" data-font=\"Symbol\" data-listid=\"19\" data-list-defn-props=\"{'335552541':1,'335559685':720,'335559991':360,'469769226':'Symbol','469769242':&#091;8226&#093;,'469777803':'left','469777804':'\uf0b7','469777815':'hybridMultilevel'}\" aria-setsize=\"-1\" data-aria-posinset=\"3\" data-aria-level=\"1\"><span data-contrast=\"auto\">Liechtenstein B\u00fcro: Flex Suisse AG \u2013 Zweigniederlassung Liechtenstein, Werdenberger Weg 11, LI 9490 Vaduz<\/span><\/li>\n<\/ul>\n<ul>\n<li data-leveltext=\"\uf0b7\" data-font=\"Symbol\" data-listid=\"19\" data-list-defn-props=\"{'335552541':1,'335559685':720,'335559991':360,'469769226':'Symbol','469769242':&#091;8226&#093;,'469777803':'left','469777804':'\uf0b7','469777815':'hybridMultilevel'}\" aria-setsize=\"-1\" data-aria-posinset=\"4\" data-aria-level=\"1\"><span data-contrast=\"auto\">Deutschland B\u00fcro: Flex Suisse GmbH, Eschersheimer Landstra\u00dfe 14, 60322 Frankfurt a. M.<\/span><\/li>\n<\/ul>\n<h2><span data-contrast=\"auto\">2. VERANTWORTLICHE STELLE <\/span><\/h2>\n<p><span style=\"font-weight: bold;\" data-contrast=\"auto\">Flex Suisse Holding Ltd.<\/span><span data-ccp-props=\"{'335559738':240,'335559739':240}\"><b><br \/>\n<\/b><\/span><span style=\"color: var(--awb-text-color); font-family: var(--awb-text-font-family); font-size: var(--awb-font-size); font-style: var(--awb-text-font-style); font-weight: var(--awb-text-font-weight); letter-spacing: var(--awb-letter-spacing); text-align: var(--awb-content-alignment); text-transform: var(--awb-text-transform); background-color: var(--awb-bg-color-hover);\" data-contrast=\"auto\">Eschersheimer Landstrasse 14<\/span><span style=\"color: var(--awb-text-color); font-family: var(--awb-text-font-family); font-size: var(--awb-font-size); font-style: var(--awb-text-font-style); font-weight: var(--awb-text-font-weight); letter-spacing: var(--awb-letter-spacing); text-align: var(--awb-content-alignment); text-transform: var(--awb-text-transform); background-color: var(--awb-bg-color-hover);\" data-ccp-props=\"{'335559738':240,'335559739':240}\"><br \/>\n<\/span><span style=\"color: var(--awb-text-color); font-family: var(--awb-text-font-family); font-size: var(--awb-font-size); font-style: var(--awb-text-font-style); font-weight: var(--awb-text-font-weight); letter-spacing: var(--awb-letter-spacing); text-align: var(--awb-content-alignment); text-transform: var(--awb-text-transform); background-color: var(--awb-bg-color-hover);\" data-contrast=\"auto\">60322 Frankfurt a. M.<\/span><span style=\"color: var(--awb-text-color); font-family: var(--awb-text-font-family); font-size: var(--awb-font-size); font-style: var(--awb-text-font-style); font-weight: var(--awb-text-font-weight); letter-spacing: var(--awb-letter-spacing); text-align: var(--awb-content-alignment); text-transform: var(--awb-text-transform); background-color: var(--awb-bg-color-hover);\" data-ccp-props=\"{'335559738':240,'335559739':240}\"><br \/>\n<\/span><span style=\"color: var(--awb-text-color); font-family: var(--awb-text-font-family); font-size: var(--awb-font-size); font-style: var(--awb-text-font-style); font-weight: var(--awb-text-font-weight); letter-spacing: var(--awb-letter-spacing); text-align: var(--awb-content-alignment); text-transform: var(--awb-text-transform); background-color: var(--awb-bg-color-hover);\" data-contrast=\"auto\">Telefon: +49 (0) 69 928 84 98-00<\/span><span style=\"color: var(--awb-text-color); font-family: var(--awb-text-font-family); font-size: var(--awb-font-size); font-style: var(--awb-text-font-style); font-weight: var(--awb-text-font-weight); letter-spacing: var(--awb-letter-spacing); text-align: var(--awb-content-alignment); text-transform: var(--awb-text-transform); background-color: var(--awb-bg-color-hover);\" data-ccp-props=\"{'335559738':240,'335559739':240}\"><br \/>\n<\/span><span style=\"color: var(--awb-text-color); font-family: var(--awb-text-font-family); font-size: var(--awb-font-size); font-style: var(--awb-text-font-style); font-weight: var(--awb-text-font-weight); letter-spacing: var(--awb-letter-spacing); text-align: var(--awb-content-alignment); text-transform: var(--awb-text-transform); background-color: var(--awb-bg-color-hover);\" data-contrast=\"auto\">E-Mail: <\/span><a style=\"font-family: var(--awb-text-font-family); font-size: var(--awb-font-size); font-style: var(--awb-text-font-style); font-weight: var(--awb-text-font-weight); letter-spacing: var(--awb-letter-spacing); text-align: var(--awb-content-alignment); text-transform: var(--awb-text-transform); background-color: var(--awb-bg-color-hover);\" href=\"&#109;&#x61;&#x69;&#108;&#x74;&#x6f;:&#x70;&#x72;i&#118;&#x61;c&#121;&#x40;f&#108;&#x65;x&#115;&#x75;i&#115;&#x73;&#x65;&#46;&#x63;&#x6f;&#109;\"><span data-contrast=\"none\">&#x70;&#x72;&#x69;&#x76;&#x61;&#99;&#121;&#64;&#102;lex&#x73;&#x75;&#x69;&#x73;&#x73;&#x65;&#46;&#99;&#111;m<\/span><\/a><span style=\"color: var(--awb-text-color); font-family: var(--awb-text-font-family); font-size: var(--awb-font-size); font-style: var(--awb-text-font-style); font-weight: var(--awb-text-font-weight); letter-spacing: var(--awb-letter-spacing); text-align: var(--awb-content-alignment); text-transform: var(--awb-text-transform); background-color: var(--awb-bg-color-hover);\" data-ccp-props=\"{'335559738':240,'335559739':240}\"><br \/>\n<\/span><span style=\"color: var(--awb-text-color); font-family: var(--awb-text-font-family); font-size: var(--awb-font-size); font-style: var(--awb-text-font-style); font-weight: var(--awb-text-font-weight); letter-spacing: var(--awb-letter-spacing); text-align: var(--awb-content-alignment); text-transform: var(--awb-text-transform); background-color: var(--awb-bg-color-hover);\" data-contrast=\"auto\">Internet: <\/span><a style=\"font-family: var(--awb-text-font-family); font-size: var(--awb-font-size); font-style: var(--awb-text-font-style); font-weight: var(--awb-text-font-weight); letter-spacing: var(--awb-letter-spacing); text-align: var(--awb-content-alignment); text-transform: var(--awb-text-transform); background-color: var(--awb-bg-color-hover);\" href=\"https:\/\/flexsuisse.com\/\"><span data-contrast=\"none\">https:\/\/flexsuisse.com<\/span><\/a><\/p>\n<p><span data-contrast=\"auto\">(im Folgenden: \u201eWir\u201c)<\/span><\/p>\n<h2>3. KONTAKTDATEN DES DATENSCHUTZBEAUFTRAGTEN<\/h2>\n<p><span data-contrast=\"auto\"> Michael Buchser<br \/>\nIXAR Legal AG<br \/>\n<\/span><span style=\"color: var(--awb-text-color); font-family: var(--awb-text-font-family); font-size: var(--awb-font-size); font-style: var(--awb-text-font-style); font-weight: var(--awb-text-font-weight); letter-spacing: var(--awb-letter-spacing); text-align: var(--awb-content-alignment); text-transform: var(--awb-text-transform); background-color: var(--awb-bg-color);\">Meier-Bosshard-Strasse 5<br \/>\n<\/span><span style=\"color: var(--awb-text-color); font-family: var(--awb-text-font-family); font-size: var(--awb-font-size); font-style: var(--awb-text-font-style); font-weight: var(--awb-text-font-weight); letter-spacing: var(--awb-letter-spacing); text-align: var(--awb-content-alignment); text-transform: var(--awb-text-transform); background-color: var(--awb-bg-color);\">8048 Z\u00fcrich<\/span><\/p>\n<h2>4. KATEGORIEN VON PERSONENBEZOGENEN DATEN<\/h2>\n<p><span data-contrast=\"auto\">Wir verarbeiten die folgenden personenbezogenen Daten, je nachdem, in welchem Zusammenhang Sie mit uns in Kontakt treten:<\/span><\/p>\n<p><b><span data-contrast=\"auto\">Wenn Sie Bewerber sind:<\/span><\/b><\/p>\n<ul>\n<li data-leveltext=\"\uf0b7\" data-font=\"Symbol\" data-listid=\"15\" data-list-defn-props=\"{'335552541':1,'335559685':720,'335559991':360,'469769226':'Symbol','469769242':&#091;8226&#093;,'469777803':'left','469777804':'\uf0b7','469777815':'hybridMultilevel'}\" aria-setsize=\"-1\" data-aria-posinset=\"1\" data-aria-level=\"1\"><span data-contrast=\"auto\">Identifikationsdaten, insbesondere Name, Foto, Geschlecht, Geburtsdatum, Staatsangeh\u00f6rigkeit;<\/span><\/li>\n<li data-leveltext=\"\uf0b7\" data-font=\"Symbol\" data-listid=\"15\" data-list-defn-props=\"{'335552541':1,'335559685':720,'335559991':360,'469769226':'Symbol','469769242':&#091;8226&#093;,'469777803':'left','469777804':'\uf0b7','469777815':'hybridMultilevel'}\" aria-setsize=\"-1\" data-aria-posinset=\"2\" data-aria-level=\"1\"><span data-contrast=\"auto\">Kontaktdaten, insbesondere Ihre private Adresse, Telefonnummern und E-Mail-Adressen;<\/span><\/li>\n<li data-leveltext=\"\uf0b7\" data-font=\"Symbol\" data-listid=\"15\" data-list-defn-props=\"{'335552541':1,'335559685':720,'335559991':360,'469769226':'Symbol','469769242':&#091;8226&#093;,'469777803':'left','469777804':'\uf0b7','469777815':'hybridMultilevel'}\" aria-setsize=\"-1\" data-aria-posinset=\"3\" data-aria-level=\"1\"><span data-contrast=\"auto\">Ihr Bewerbungsschreiben und Lebenslauf;<\/span><\/li>\n<li data-leveltext=\"\uf0b7\" data-font=\"Symbol\" data-listid=\"15\" data-list-defn-props=\"{'335552541':1,'335559685':720,'335559991':360,'469769226':'Symbol','469769242':&#091;8226&#093;,'469777803':'left','469777804':'\uf0b7','469777815':'hybridMultilevel'}\" aria-setsize=\"-1\" data-aria-posinset=\"4\" data-aria-level=\"1\"><span data-contrast=\"auto\">Informationen zu Ausbildung und Qualifikationen, einschlie\u00dflich Zeugnisse und Leistungsnachweise;<\/span><\/li>\n<li data-leveltext=\"\uf0b7\" data-font=\"Symbol\" data-listid=\"15\" data-list-defn-props=\"{'335552541':1,'335559685':720,'335559991':360,'469769226':'Symbol','469769242':&#091;8226&#093;,'469777803':'left','469777804':'\uf0b7','469777815':'hybridMultilevel'}\" aria-setsize=\"-1\" data-aria-posinset=\"5\" data-aria-level=\"1\"><span data-contrast=\"auto\">Informationen zu beruflichen Qualifikationen, Leistungen, F\u00e4higkeiten, Zertifikaten, die im Zusammenhang mit Ihrer Arbeit erforderlich sind, Anfragen und Dokumentationen bez\u00fcglich polizeilicher F\u00fchrungszeugnisse und\/oder Mitgliedschaft in Berufsverb\u00e4nden.<\/span><\/li>\n<\/ul>\n<p><b><span data-contrast=\"auto\">Wenn Sie Mitarbeiter sind:<\/span><\/b><\/p>\n<ul>\n<li data-leveltext=\"\uf0b7\" data-font=\"Symbol\" data-listid=\"14\" data-list-defn-props=\"{'335552541':1,'335559685':720,'335559991':360,'469769226':'Symbol','469769242':&#091;8226&#093;,'469777803':'left','469777804':'\uf0b7','469777815':'hybridMultilevel'}\" aria-setsize=\"-1\" data-aria-posinset=\"1\" data-aria-level=\"1\"><span data-contrast=\"auto\">Pers\u00f6nliche Stammdaten (Vorname, Nachname, akademischer Titel)<\/span><\/li>\n<li data-leveltext=\"\uf0b7\" data-font=\"Symbol\" data-listid=\"14\" data-list-defn-props=\"{'335552541':1,'335559685':720,'335559991':360,'469769226':'Symbol','469769242':&#091;8226&#093;,'469777803':'left','469777804':'\uf0b7','469777815':'hybridMultilevel'}\" aria-setsize=\"-1\" data-aria-posinset=\"2\" data-aria-level=\"1\"><span data-contrast=\"auto\">Kontaktdaten (Adresse, Telefonnummer, E-Mail-Adresse)<\/span><\/li>\n<li data-leveltext=\"\uf0b7\" data-font=\"Symbol\" data-listid=\"14\" data-list-defn-props=\"{'335552541':1,'335559685':720,'335559991':360,'469769226':'Symbol','469769242':&#091;8226&#093;,'469777803':'left','469777804':'\uf0b7','469777815':'hybridMultilevel'}\" aria-setsize=\"-1\" data-aria-posinset=\"3\" data-aria-level=\"1\"><span data-contrast=\"auto\">Unternehmensinterne Zuordnungsdaten (Unternehmensposition, Firma, Personalnummer, Vorgesetzter, Geb\u00e4ude- und Raumnummer)<\/span><\/li>\n<li data-leveltext=\"\uf0b7\" data-font=\"Symbol\" data-listid=\"14\" data-list-defn-props=\"{'335552541':1,'335559685':720,'335559991':360,'469769226':'Symbol','469769242':&#091;8226&#093;,'469777803':'left','469777804':'\uf0b7','469777815':'hybridMultilevel'}\" aria-setsize=\"-1\" data-aria-posinset=\"4\" data-aria-level=\"1\"><span data-contrast=\"auto\">Allgemeine Identifikationsdaten (Geburtsdatum, Geschlecht, Familienstand, Staatsangeh\u00f6rigkeit, Foto)<\/span><\/li>\n<li data-leveltext=\"\uf0b7\" data-font=\"Symbol\" data-listid=\"14\" data-list-defn-props=\"{'335552541':1,'335559685':720,'335559991':360,'469769226':'Symbol','469769242':&#091;8226&#093;,'469777803':'left','469777804':'\uf0b7','469777815':'hybridMultilevel'}\" aria-setsize=\"-1\" data-aria-posinset=\"5\" data-aria-level=\"1\"><span data-contrast=\"auto\">Einwilligungen<\/span><\/li>\n<li data-leveltext=\"\uf0b7\" data-font=\"Symbol\" data-listid=\"14\" data-list-defn-props=\"{'335552541':1,'335559685':720,'335559991':360,'469769226':'Symbol','469769242':&#091;8226&#093;,'469777803':'left','469777804':'\uf0b7','469777815':'hybridMultilevel'}\" aria-setsize=\"-1\" data-aria-posinset=\"6\" data-aria-level=\"1\"><span data-contrast=\"auto\">Weitere Daten im Zusammenhang mit der Erf\u00fcllung des Arbeitsverh\u00e4ltnisses<\/span><\/li>\n<\/ul>\n<h2>5. BESONDERE INFORMATIONEN ZUR DATENVERARBEITUNG AUF UNSERER WEBSITE<\/h2>\n<p><b><span data-contrast=\"auto\">Datenkategorien; Datenquellen<br \/>\n<\/span><\/b><span data-contrast=\"auto\">Wir verarbeiten grunds\u00e4tzlich die personenbezogenen Daten, die Sie uns im Zusammenhang mit der Nutzung unserer Website \u00fcbermitteln oder die Sie uns im Rahmen einer Anfrage, eines vorvertraglichen Verh\u00e4ltnisses oder eines Vertragsverh\u00e4ltnisses zur Verf\u00fcgung stellen. In Einzelf\u00e4llen und soweit dies im Rahmen der Vertragserf\u00fcllung erforderlich ist, verarbeiten wir auch personenbezogene Daten, die wir rechtm\u00e4\u00dfig aus \u00f6ffentlich zug\u00e4nglichen Quellen (z. B. Handelsregister, Schuldnerverzeichnisse, Internet) entnommen oder uns von Dritten (z. B. Auskunfteien) \u00fcbermittelt wurden.<\/span><\/p>\n<h2>6. ZWECKE DER VERARBEITUNG UND RECHTLICHE GRUNDLAGEN<\/h2>\n<p><b><span data-contrast=\"auto\">a) Arbeitsverh\u00e4ltnis<\/span><\/b><\/p>\n<p><span data-contrast=\"auto\">Wir verarbeiten Ihre personenbezogenen Daten vor allem f\u00fcr die ordnungsgem\u00e4\u00dfe Durchf\u00fchrung des Arbeitsverh\u00e4ltnisses und zur Erf\u00fcllung vertraglicher und gesetzlicher Pflichten. Ebenso im Rahmen einer Bewerbung zur Anbahnung eines Arbeitsverh\u00e4ltnisses.<\/span><\/p>\n<p><b><span data-contrast=\"auto\">b) Einwilligung<\/span><\/b><\/p>\n<p><span data-contrast=\"auto\">Falls Sie uns ausdr\u00fccklich Ihre Einwilligung zur Verarbeitung Ihrer personenbezogenen Daten f\u00fcr bestimmte Zwecke (z. B. Ver\u00f6ffentlichung Ihres Fotos) gegeben haben, ist die jeweilige Verarbeitung auf Basis von Art. 6 Abs. 1 Satz 1 lit. a) DSGVO \/ Art. 4 DSG rechtm\u00e4\u00dfig. Die Einwilligung erfolgt freiwillig und kann jederzeit mit Wirkung f\u00fcr die Zukunft widerrufen werden.<\/span><\/p>\n<p><b><span data-contrast=\"auto\">Ursprung der personenbezogenen Daten<\/span><\/b><\/p>\n<p><span data-contrast=\"auto\">In der Regel erheben wir diese Daten direkt bei Ihnen. Wenn wir Ihre Kontaktdaten nicht direkt von Ihnen erhalten haben (z. B. durch \u00dcbermittlung einer Visitenkarte oder Bewerbung per E-Mail), erhalten wir Ihre Daten von dem Unternehmen, bei dem Sie t\u00e4tig sind, weil wir eine Gesch\u00e4ftsbeziehung mit diesem Unternehmen haben und Sie als Ansprechpartner identifiziert wurden, oder wir greifen auf \u00f6ffentlich zug\u00e4ngliche Informationen aus \u00f6ffentlichen Quellen (z. B. Unternehmenswebsites) zur\u00fcck.<\/span><\/p>\n<h2><span data-contrast=\"auto\">8. SPEICHERDAUER UND L\u00d6SCHFRISTEN<\/span><\/h2>\n<p><span data-contrast=\"auto\">Wir verarbeiten Ihre Daten nur, solange es f\u00fcr den jeweiligen Zweck erforderlich ist. Im Falle von Kunden und Kandidaten erfolgt dies in der Regel w\u00e4hrend der Dauer unserer Gesch\u00e4ftsbeziehung.<\/span><\/p>\n<h2><span data-contrast=\"auto\">9. DATEN\u00dcBERMITTLUNG UND EMPF\u00c4NGER IHRER PERSONENBEZOGENEN DATEN<\/span><\/h2>\n<p><span data-contrast=\"auto\">Wir geben Ihre personenbezogenen Daten innerhalb unseres Unternehmens nur an die Stellen und Personen weiter, die diese Daten zur Erf\u00fcllung vertraglicher und gesetzlicher Pflichten oder zum Schutz unserer berechtigten Interessen ben\u00f6tigen. In einigen F\u00e4llen k\u00f6nnen Ihre personenbezogenen Daten auch von von uns beauftragten Dienstleistern verarbeitet werden.<\/span><\/p>\n<h2><span data-contrast=\"auto\">10. \u00dcBERMITTLUNG IN DRITTL\u00c4NDER<\/span><\/h2>\n<p><span data-contrast=\"auto\">Eine Daten\u00fcbertragung in ein Drittland ist vorgesehen. Diese \u00dcbertragung erfolgt auf Grundlage der von Ihnen erteilten Einwilligung.<\/span><\/p>\n<h2><span data-contrast=\"auto\">11. \u00dcBERGRENZENDE DATENVERARBEITUNG DURCH DIE NUTZUNG VON SOCIAL MEDIA\/WEBSITE<\/span><\/h2>\n<p><span data-contrast=\"auto\">Wenn Ihre Bewerberdaten \u00fcber die Social-Media-Pr\u00e4senz der Flex Suisse Gruppe verarbeitet werden, kann diese Daten in ein Drittland \u00fcbermittelt werden. Diese \u00dcbertragung erfolgt auf Grundlage Ihrer Einwilligung.<\/span><\/p>\n<h2><span data-contrast=\"auto\">12. IHRE RECHTE ALS BETROFFENE PERSON<\/span><\/h2>\n<p><span data-contrast=\"auto\">Sie haben das Recht auf Auskunft \u00fcber die Verarbeitung Ihrer personenbezogenen Daten, das Recht auf Berichtigung oder L\u00f6schung Ihrer Daten sowie das Recht auf Einschr\u00e4nkung der Verarbeitung.<\/span><\/p>\n<h2><span data-contrast=\"auto\">13. RECHT AUF WIDERSPRUCH<\/span><\/h2>\n<p><span data-contrast=\"auto\">Soweit die Verarbeitung Ihrer personenbezogenen Daten zur Wahrung berechtigter Interessen gem\u00e4\u00df Art. 6 Abs. 1 S. 1 lit. e) oder f) DSGVO erfolgt, haben Sie das Recht, der Verarbeitung zu widersprechen.<\/span><\/p>\n<h2><span data-contrast=\"auto\">14. RECHT AUF BESCHWERDE<\/span><\/h2>\n<p><span data-contrast=\"auto\">Sie haben das Recht, sich bei der zust\u00e4ndigen Aufsichtsbeh\u00f6rde f\u00fcr den Datenschutz zu beschweren.<\/span><\/p>\n<h2><span data-contrast=\"auto\">15. NOTWENDIGKEIT DER BEREITSTELLUNG PERSONENBEZOGENER DATEN<\/span><\/h2>\n<p><span data-contrast=\"auto\">Im Allgemeinen ist die Bereitstellung personenbezogener Daten f\u00fcr den Abschluss, die Durchf\u00fchrung oder die Erf\u00fcllung eines Vertrags nicht gesetzlich oder vertraglich erforderlich.<\/span><\/p>\n<h2><span data-contrast=\"auto\">16. AUTOMATISIERTE ENTSCHEIDUNGSMECHANISMEN<\/span><\/h2>\n<p><span data-contrast=\"auto\">Prinzipiell verwenden wir keine Verfahren, die eine vollst\u00e4ndige automatisierte Entscheidungsfindung im Sinne von Art. 22 DSGVO umfassen.<\/span><\/p>\n<h2><span data-contrast=\"auto\">17. AKTUALIT\u00c4T UND \u00c4NDERUNG DER DATENSCHUTZERKL\u00c4RUNG<\/span><\/h2>\n<p><span data-contrast=\"auto\">Diese Datenschutzerkl\u00e4rung ist derzeit g\u00fcltig und hat den Stand Januar 2023. Wir behalten uns vor, diese Datenschutzerkl\u00e4rung bei Bedarf anzupassen.<\/span><\/p>\n<\/div>\n<\/div><\/div><\/div><\/div><\/div>\n","protected":false},"excerpt":{"rendered":"","protected":false},"author":1,"featured_media":0,"parent":0,"menu_order":0,"comment_status":"closed","ping_status":"closed","template":"100-width.php","meta":{"footnotes":""},"class_list":["post-4354","page","type-page","status-publish","hentry"],"yoast_head":"<!-- This site is optimized with the Yoast SEO plugin v26.8 - https:\/\/yoast.com\/product\/yoast-seo-wordpress\/ -->\n<title>Datenschutz - Flex Suisse<\/title>\n<meta name=\"robots\" content=\"index, follow, max-snippet:-1, max-image-preview:large, max-video-preview:-1\" \/>\n<link rel=\"canonical\" href=\"https:\/\/flexsuisse.com\/de\/datenschutz\/\" \/>\n<meta property=\"og:locale\" content=\"de_DE\" \/>\n<meta property=\"og:type\" content=\"article\" \/>\n<meta property=\"og:title\" content=\"Datenschutz - Flex Suisse\" \/>\n<meta property=\"og:url\" content=\"https:\/\/flexsuisse.com\/de\/datenschutz\/\" \/>\n<meta property=\"og:site_name\" content=\"Flex Suisse\" \/>\n<meta property=\"article:modified_time\" content=\"2025-01-28T09:48:32+00:00\" \/>\n<meta name=\"twitter:card\" content=\"summary_large_image\" \/>\n<meta name=\"twitter:label1\" content=\"Gesch\u00e4tzte Lesezeit\" \/>\n\t<meta name=\"twitter:data1\" content=\"5\u00a0Minuten\" \/>\n<script type=\"application\/ld+json\" class=\"yoast-schema-graph\">{\"@context\":\"https:\/\/schema.org\",\"@graph\":[{\"@type\":\"WebPage\",\"@id\":\"https:\/\/flexsuisse.com\/de\/datenschutz\/\",\"url\":\"https:\/\/flexsuisse.com\/de\/datenschutz\/\",\"name\":\"Datenschutz - Flex Suisse\",\"isPartOf\":{\"@id\":\"https:\/\/flexsuisse.com\/de\/#website\"},\"datePublished\":\"2024-04-08T14:11:48+00:00\",\"dateModified\":\"2025-01-28T09:48:32+00:00\",\"breadcrumb\":{\"@id\":\"https:\/\/flexsuisse.com\/de\/datenschutz\/#breadcrumb\"},\"inLanguage\":\"de\",\"potentialAction\":[{\"@type\":\"ReadAction\",\"target\":[\"https:\/\/flexsuisse.com\/de\/datenschutz\/\"]}]},{\"@type\":\"BreadcrumbList\",\"@id\":\"https:\/\/flexsuisse.com\/de\/datenschutz\/#breadcrumb\",\"itemListElement\":[{\"@type\":\"ListItem\",\"position\":1,\"name\":\"Startseite\",\"item\":\"https:\/\/flexsuisse.com\/de\/\"},{\"@type\":\"ListItem\",\"position\":2,\"name\":\"Datenschutz\"}]},{\"@type\":\"WebSite\",\"@id\":\"https:\/\/flexsuisse.com\/de\/#website\",\"url\":\"https:\/\/flexsuisse.com\/de\/\",\"name\":\"Flex Suisse\",\"description\":\"The leading alternative legal services provider in Germany, Switzerland and Liechtenstein\",\"potentialAction\":[{\"@type\":\"SearchAction\",\"target\":{\"@type\":\"EntryPoint\",\"urlTemplate\":\"https:\/\/flexsuisse.com\/de\/?s={search_term_string}\"},\"query-input\":{\"@type\":\"PropertyValueSpecification\",\"valueRequired\":true,\"valueName\":\"search_term_string\"}}],\"inLanguage\":\"de\"}]}<\/script>\n<!-- \/ Yoast SEO plugin. -->","yoast_head_json":{"title":"Datenschutz - Flex Suisse","robots":{"index":"index","follow":"follow","max-snippet":"max-snippet:-1","max-image-preview":"max-image-preview:large","max-video-preview":"max-video-preview:-1"},"canonical":"https:\/\/flexsuisse.com\/de\/datenschutz\/","og_locale":"de_DE","og_type":"article","og_title":"Datenschutz - Flex Suisse","og_url":"https:\/\/flexsuisse.com\/de\/datenschutz\/","og_site_name":"Flex Suisse","article_modified_time":"2025-01-28T09:48:32+00:00","twitter_card":"summary_large_image","twitter_misc":{"Gesch\u00e4tzte Lesezeit":"5\u00a0Minuten"},"schema":{"@context":"https:\/\/schema.org","@graph":[{"@type":"WebPage","@id":"https:\/\/flexsuisse.com\/de\/datenschutz\/","url":"https:\/\/flexsuisse.com\/de\/datenschutz\/","name":"Datenschutz - Flex Suisse","isPartOf":{"@id":"https:\/\/flexsuisse.com\/de\/#website"},"datePublished":"2024-04-08T14:11:48+00:00","dateModified":"2025-01-28T09:48:32+00:00","breadcrumb":{"@id":"https:\/\/flexsuisse.com\/de\/datenschutz\/#breadcrumb"},"inLanguage":"de","potentialAction":[{"@type":"ReadAction","target":["https:\/\/flexsuisse.com\/de\/datenschutz\/"]}]},{"@type":"BreadcrumbList","@id":"https:\/\/flexsuisse.com\/de\/datenschutz\/#breadcrumb","itemListElement":[{"@type":"ListItem","position":1,"name":"Startseite","item":"https:\/\/flexsuisse.com\/de\/"},{"@type":"ListItem","position":2,"name":"Datenschutz"}]},{"@type":"WebSite","@id":"https:\/\/flexsuisse.com\/de\/#website","url":"https:\/\/flexsuisse.com\/de\/","name":"Flex Suisse","description":"The leading alternative legal services provider in Germany, Switzerland and Liechtenstein","potentialAction":[{"@type":"SearchAction","target":{"@type":"EntryPoint","urlTemplate":"https:\/\/flexsuisse.com\/de\/?s={search_term_string}"},"query-input":{"@type":"PropertyValueSpecification","valueRequired":true,"valueName":"search_term_string"}}],"inLanguage":"de"}]}},"_links":{"self":[{"href":"https:\/\/flexsuisse.com\/de\/wp-json\/wp\/v2\/pages\/4354","targetHints":{"allow":["GET"]}}],"collection":[{"href":"https:\/\/flexsuisse.com\/de\/wp-json\/wp\/v2\/pages"}],"about":[{"href":"https:\/\/flexsuisse.com\/de\/wp-json\/wp\/v2\/types\/page"}],"author":[{"embeddable":true,"href":"https:\/\/flexsuisse.com\/de\/wp-json\/wp\/v2\/users\/1"}],"replies":[{"embeddable":true,"href":"https:\/\/flexsuisse.com\/de\/wp-json\/wp\/v2\/comments?post=4354"}],"version-history":[{"count":2,"href":"https:\/\/flexsuisse.com\/de\/wp-json\/wp\/v2\/pages\/4354\/revisions"}],"predecessor-version":[{"id":4356,"href":"https:\/\/flexsuisse.com\/de\/wp-json\/wp\/v2\/pages\/4354\/revisions\/4356"}],"wp:attachment":[{"href":"https:\/\/flexsuisse.com\/de\/wp-json\/wp\/v2\/media?parent=4354"}],"curies":[{"name":"wp","href":"https:\/\/api.w.org\/{rel}","templated":true}]}}